{"id":1174,"date":"2025-08-16T10:45:04","date_gmt":"2025-08-16T13:45:04","guid":{"rendered":"https:\/\/sites.ufal.br\/f03d9d3cec\/?page_id=1174"},"modified":"2025-11-09T10:22:41","modified_gmt":"2025-11-09T13:22:41","slug":"laben","status":"publish","type":"page","link":"https:\/\/ctec.ufal.br\/posgraduacao\/ppgeq\/laben\/","title":{"rendered":"LABEN"},"content":{"rendered":"\t\t<div data-elementor-type=\"wp-page\" data-elementor-id=\"1174\" class=\"elementor elementor-1174\" data-elementor-post-type=\"page\">\n\t\t\t\t<div class=\"elementor-element elementor-element-24b6634 e-con-full e-flex e-con e-parent\" data-id=\"24b6634\" data-element_type=\"container\" data-settings=\"{&quot;background_background&quot;:&quot;classic&quot;}\">\n\t\t<div class=\"elementor-element elementor-element-e9c05b3 e-flex e-con-boxed e-con e-child\" data-id=\"e9c05b3\" data-element_type=\"container\">\n\t\t\t\t\t<div class=\"e-con-inner\">\n\t\t\t\t<div class=\"elementor-element elementor-element-14ae2da8 elementor-view-default elementor-widget elementor-widget-icon\" data-id=\"14ae2da8\" data-element_type=\"widget\" data-widget_type=\"icon.default\">\n\t\t\t\t\t\t\t<div class=\"elementor-icon-wrapper\">\n\t\t\t<div class=\"elementor-icon\">\n\t\t\t<svg aria-hidden=\"true\" class=\"e-font-icon-svg e-fas-flask\" viewBox=\"0 0 448 512\" xmlns=\"http:\/\/www.w3.org\/2000\/svg\"><path d=\"M437.2 403.5L320 215V64h8c13.3 0 24-10.7 24-24V24c0-13.3-10.7-24-24-24H120c-13.3 0-24 10.7-24 24v16c0 13.3 10.7 24 24 24h8v151L10.8 403.5C-18.5 450.6 15.3 512 70.9 512h306.2c55.7 0 89.4-61.5 60.1-108.5zM137.9 320l48.2-77.6c3.7-5.2 5.8-11.6 5.8-18.4V64h64v160c0 6.9 2.2 13.2 5.8 18.4l48.2 77.6h-172z\"><\/path><\/svg>\t\t\t<\/div>\n\t\t<\/div>\n\t\t\t\t\t\t<\/div>\n\t\t\t\t\t<\/div>\n\t\t\t\t<\/div>\n\t\t\t\t<\/div>\n\t\t<div class=\"elementor-element elementor-element-257bc89e e-flex e-con-boxed e-con e-parent\" data-id=\"257bc89e\" data-element_type=\"container\">\n\t\t\t\t\t<div class=\"e-con-inner\">\n\t\t<div class=\"elementor-element elementor-element-61d06c9 e-con-full e-flex e-con e-child\" data-id=\"61d06c9\" data-element_type=\"container\">\n\t\t\t\t<div class=\"elementor-element elementor-element-4abba21b elementor-widget elementor-widget-text-editor\" data-id=\"4abba21b\" data-element_type=\"widget\" data-widget_type=\"text-editor.default\">\n\t\t\t\t\t\t\t\t\t<div id=\"main-wrapper\" class=\"main-wrapper full-width\"><div id=\"main\" class=\"main row grid16-16\"><div id=\"main-inner\" class=\"main-inner inner clearfix\"><div id=\"main-group\" class=\"main-group row nested grid16-16\"><div id=\"main-group-inner\" class=\"main-group-inner inner\"><div id=\"main-content\" class=\"main-content row nested\"><div id=\"main-content-inner\" class=\"main-content-inner inner\"><div id=\"content-group\" class=\"content-group row nested grid16-16\"><div id=\"content-group-inner\" class=\"content-group-inner inner\"><div id=\"content-region\" class=\"content-region row nested\"><div id=\"content-region-inner\" class=\"content-region-inner inner\"><div id=\"content-inner\" class=\"content-inner block\"><div id=\"content-inner-inner\" class=\"content-inner-inner inner\"><div id=\"content-content\" class=\"content-content\"><div id=\"node-52\" class=\"node odd full-node node-type-page\"><div class=\"inner\"><div class=\"content clearfix\"><p>Coordenado pela Profa. Simoni Meneghetti, o LABEN \u00e9 todo climatizado, com uma \u00e1rea de 110m\u00b2. Principais equipamentos: tr\u00eas cromatografos (01 cromat\u00f3grafo a g\u00e1s para medi\u00e7\u00f5es de efluentes; 01 cromat\u00f3grafo a g\u00e1s acoplado a detector de massa; e (1) Cromat\u00f3grafo HPLC Varian Polaris com detec\u00e7\u00e3o UV e RI); Espectrofot\u00f4metro FT-IR Varian 640-IR com acess\u00f3rios de reflet\u00e2ncia especular e difusa; Espectrofot\u00f4metro Uv-Vis Varian Carey 50 com acess\u00f3rio de reflet\u00e2ncia; Quimissor\u00e7\u00e3o Quantachrome Instruments Chem BET TPR\/TPD; Fisissor\u00e7\u00e3o (BET) Quantachrome Instruments; Sistema de An\u00e1lise T\u00e9rmica e Termogravim\u00e9trica Shimadzu DTG-60TG e DSC; Analisador de Tamanho de Part\u00edculas e Potencial Zeta Microtrac Nanotrac; CG-EM Shimadzu GCMS-QP2010; Espectrofot\u00f4metro na regi\u00e3o do infravemelho; equipamento para determina\u00e7\u00e3o do \u00edndice de acidez e iodo; viscos\u00edmetros; computadores, impressoras, dentre outros.<\/p><\/div><\/div><\/div><\/div><\/div><\/div><\/div><\/div><\/div><\/div><\/div><\/div><\/div><\/div><\/div><\/div><\/div><div id=\"parceiros-wrapper\" class=\"parceiros-wrapper full-width\"><div id=\"parceiros\" class=\"parceiros row grid16-16\"><div id=\"parceiros-inner\" class=\"parceiros-inner inner clearfix\"><div id=\"block-views-banners-block_1\" class=\"block block-views odd first grid16-0\"><div class=\"inner\"><div class=\"content\"><div class=\"view view-banners view-id-banners view-display-id-block_1 view-dom-id-1\"><div class=\"view-content\">\u00a0<\/div><\/div><\/div><\/div><\/div><\/div><\/div><\/div>\t\t\t\t\t\t\t\t<\/div>\n\t\t\t\t<\/div>\n\t\t<div class=\"elementor-element elementor-element-0db7379 e-con-full e-flex e-con e-child\" data-id=\"0db7379\" data-element_type=\"container\">\n\t\t\t\t<div class=\"elementor-element elementor-element-4e3016f elementor-widget elementor-widget-image\" data-id=\"4e3016f\" data-element_type=\"widget\" data-widget_type=\"image.default\">\n\t\t\t\t\t\t\t\t\t\t\t\t\t\t\t<img decoding=\"async\" src=\"https:\/\/ctec.ufal.br\/posgraduacao\/ppgeq\/wp-content\/plugins\/elementor\/assets\/images\/placeholder.png\" title=\"\" alt=\"\" loading=\"lazy\" \/>\t\t\t\t\t\t\t\t\t\t\t\t\t\t\t<\/div>\n\t\t\t\t<\/div>\n\t\t\t\t\t<\/div>\n\t\t\t\t<\/div>\n\t\t\t\t<\/div>\n\t\t","protected":false},"excerpt":{"rendered":"<p>Coordenado pela Profa. Simoni Meneghetti, o LABEN \u00e9 todo climatizado, com uma \u00e1rea de 110m\u00b2. Principais equipamentos: tr\u00eas cromatografos (01 cromat\u00f3grafo a g\u00e1s para medi\u00e7\u00f5es de efluentes; 01 cromat\u00f3grafo a g\u00e1s acoplado a detector de massa; e (1) Cromat\u00f3grafo HPLC Varian Polaris com detec\u00e7\u00e3o UV e RI); Espectrofot\u00f4metro FT-IR Varian 640-IR com acess\u00f3rios de reflet\u00e2ncia [&hellip;]<\/p>\n","protected":false},"author":1,"featured_media":0,"parent":0,"menu_order":0,"comment_status":"closed","ping_status":"closed","template":"","meta":{"footnotes":""},"class_list":["post-1174","page","type-page","status-publish","hentry"],"_links":{"self":[{"href":"https:\/\/ctec.ufal.br\/posgraduacao\/ppgeq\/wp-json\/wp\/v2\/pages\/1174","targetHints":{"allow":["GET"]}}],"collection":[{"href":"https:\/\/ctec.ufal.br\/posgraduacao\/ppgeq\/wp-json\/wp\/v2\/pages"}],"about":[{"href":"https:\/\/ctec.ufal.br\/posgraduacao\/ppgeq\/wp-json\/wp\/v2\/types\/page"}],"author":[{"embeddable":true,"href":"https:\/\/ctec.ufal.br\/posgraduacao\/ppgeq\/wp-json\/wp\/v2\/users\/1"}],"replies":[{"embeddable":true,"href":"https:\/\/ctec.ufal.br\/posgraduacao\/ppgeq\/wp-json\/wp\/v2\/comments?post=1174"}],"version-history":[{"count":7,"href":"https:\/\/ctec.ufal.br\/posgraduacao\/ppgeq\/wp-json\/wp\/v2\/pages\/1174\/revisions"}],"predecessor-version":[{"id":1411,"href":"https:\/\/ctec.ufal.br\/posgraduacao\/ppgeq\/wp-json\/wp\/v2\/pages\/1174\/revisions\/1411"}],"wp:attachment":[{"href":"https:\/\/ctec.ufal.br\/posgraduacao\/ppgeq\/wp-json\/wp\/v2\/media?parent=1174"}],"curies":[{"name":"wp","href":"https:\/\/api.w.org\/{rel}","templated":true}]}}